{"id":516,"date":"2019-10-17T18:45:09","date_gmt":"2019-10-17T17:45:09","guid":{"rendered":"https:\/\/sans-souci.be\/nl\/?page_id=516"},"modified":"2026-04-15T19:21:07","modified_gmt":"2026-04-15T18:21:07","slug":"vacatures","status":"publish","type":"page","link":"https:\/\/www.sans-souci.be\/nl\/werk-en-stages\/vacatures\/","title":{"rendered":"Vacatures"},"content":{"rendered":"<p><span style=\"font-weight: 400;\">De Clinique Sans Souci werft <\/span><b>een verpleegkundige (m\/v)<\/b><span style=\"font-weight: 400;\"> aan voor haar verschillende afdelingen.\u00a0<\/span><\/p>\n<p><b>Functiekenmerken:<\/b><b>\u00a0<\/b><\/p>\n<ul>\n<li style=\"font-weight: 400;\" aria-level=\"1\"><span style=\"font-weight: 400;\">Verpleegkundige begeleiding van psychiatrische pati\u00ebnten in een open afdeling<\/span><\/li>\n<li style=\"font-weight: 400;\" aria-level=\"1\"><span style=\"font-weight: 400;\">Ge\u00efndividualiseerde en globale psychiatrisch-verpleegkundige zorg bieden binnen een organisatie van pati\u00ebntentoewijzing<\/span><\/li>\n<li style=\"font-weight: 400;\" aria-level=\"1\"><span style=\"font-weight: 400;\">Zorg aanbieden die het herstel ondersteunt.<\/span><\/li>\n<li style=\"font-weight: 400;\" aria-level=\"1\"><span style=\"font-weight: 400;\">Werken binnen een multidisciplinair behandelkader<\/span><\/li>\n<li style=\"font-weight: 400;\" aria-level=\"1\"><span style=\"font-weight: 400;\">Co-animatie van diverse groepsactiviteiten<\/span><\/li>\n<\/ul>\n<p><b>Gezocht profiel:<\/b><b>\u00a0<\/b><\/p>\n<ul>\n<li style=\"font-weight: 400;\" aria-level=\"1\"><span style=\"font-weight: 400;\">In het bezit zijn van een bachelorsdiploma of diploma ziekenhuisverpleegkunde.<\/span><\/li>\n<li style=\"font-weight: 400;\" aria-level=\"1\"><span style=\"font-weight: 400;\">In het bezit zijn van een titel of kwalificatie in geestelijke gezondheidszorg en psychiatrie is een pluspunt.<\/span><\/li>\n<li style=\"font-weight: 400;\" aria-level=\"1\"><span style=\"font-weight: 400;\">Ervaring en\/of interesse in geestelijke gezondheidszorg hebben.<\/span><\/li>\n<li style=\"font-weight: 400;\" aria-level=\"1\"><span style=\"font-weight: 400;\">Een goede mondelinge en schriftelijke kennis van het Frans is noodzakelijk.<\/span><\/li>\n<\/ul>\n<p><b>Wij bieden u:<\/b><b>\u00a0<\/b><\/p>\n<ul>\n<li style=\"font-weight: 400;\" aria-level=\"1\"><span style=\"font-weight: 400;\">Een contract van onbepaalde of bepaalde duur, afhankelijk van uw voorkeur.<\/span><\/li>\n<li style=\"font-weight: 400;\" aria-level=\"1\"><span style=\"font-weight: 400;\">Een voltijdse of deeltijdse functie (min. 75%).<\/span><\/li>\n<li style=\"font-weight: 400;\" aria-level=\"1\"><span style=\"font-weight: 400;\">Met weekendwerk tijdens 1 op 3 weekends.<\/span><\/li>\n<li style=\"font-weight: 400;\" aria-level=\"1\"><span style=\"font-weight: 400;\">Een loon volgens IFIC-barema.<\/span><\/li>\n<li style=\"font-weight: 400;\" aria-level=\"1\"><span style=\"font-weight: 400;\">Overname van uw opgebouwde anci\u00ebnniteit.<\/span><\/li>\n<li style=\"font-weight: 400;\" aria-level=\"1\"><span style=\"font-weight: 400;\">Een erkenning van specialisatie in geestelijke gezondheidszorg en psychiatrie met een extra jaar anci\u00ebnniteit.<\/span><\/li>\n<li style=\"font-weight: 400;\" aria-level=\"1\"><span style=\"font-weight: 400;\">Een bijdrage in de vervoerskosten afhankelijk van het gebruikte vervoermiddel.<\/span><\/li>\n<li style=\"font-weight: 400;\" aria-level=\"1\"><span style=\"font-weight: 400;\">Een premie bij vervangingen binnen de 24u of 48u.<\/span><\/li>\n<li style=\"font-weight: 400;\" aria-level=\"1\"><span style=\"font-weight: 400;\">Eco-cheques en cultuur-\/sportcheques.<\/span><\/li>\n<li style=\"font-weight: 400;\" aria-level=\"1\"><span style=\"font-weight: 400;\">Een groene werkomgeving.<\/span><\/li>\n<li style=\"font-weight: 400;\" aria-level=\"1\"><span style=\"font-weight: 400;\">Gratis parking voor wagens met laadpalen voor elektrische auto\u2019s.<\/span><\/li>\n<li style=\"font-weight: 400;\" aria-level=\"1\"><span style=\"font-weight: 400;\">Beveiligde parking voor fietsen met mogelijkheid tot gratis elektrisch laden.<\/span><\/li>\n<li style=\"font-weight: 400;\" aria-level=\"1\"><span style=\"font-weight: 400;\">Ondersteuning bij permanente vorming.<\/span><\/li>\n<li style=\"font-weight: 400;\" aria-level=\"1\"><span style=\"font-weight: 400;\">Individuele begeleiding en onthaal met toegankelijke verpleegkundige leiding.<\/span><\/li>\n<\/ul>\n<p><i><span style=\"font-weight: 400;\">Bent u ge\u00efnteresseerd, stuur dan een motivatiebrief en cv naar:<\/span><\/i><\/p>\n<p><i><span style=\"font-weight: 400;\">S\u00e9verine Dumon<\/span><\/i><i><span style=\"font-weight: 400;\"><br \/>\n<\/span><\/i><i><span style=\"font-weight: 400;\">Directrice van het verpleegkundig departement<\/span><\/i><i><span style=\"font-weight: 400;\"><br \/>\n<\/span><\/i><i><span style=\"font-weight: 400;\">Tentoonstellingslaan 218<\/span><\/i><i><span style=\"font-weight: 400;\"><br \/>\n<\/span><\/i><i><span style=\"font-weight: 400;\">1090 JETTE<\/span><\/i><i><span style=\"font-weight: 400;\"><br \/>\n<\/span><\/i><i><span style=\"font-weight: 400;\">Contact\u00a0: <\/span><\/i><a href=\"mailto:severine.dumon@sans-souci.be\"><i><span style=\"font-weight: 400;\">severine.dumon@sans-souci.be<\/span><\/i><i><span style=\"font-weight: 400;\"><br \/>\n<\/span><\/i><\/a><i><span style=\"font-weight: 400;\">Uw sollicitatie wordt met de nodige omzichtigheid behandeld.<\/span><\/i><\/p>\n","protected":false},"excerpt":{"rendered":"<p>De Clinique Sans Souci werft een verpleegkundige (m\/v) aan voor haar verschillende afdelingen.\u00a0 Functiekenmerken:\u00a0 Verpleegkundige begeleiding van psychiatrische pati\u00ebnten in een open afdeling Ge\u00efndividualiseerde en globale psychiatrisch-verpleegkundige zorg bieden binnen een organisatie van pati\u00ebntentoewijzing Zorg aanbieden die het herstel ondersteunt. Werken binnen een multidisciplinair behandelkader Co-animatie van diverse groepsactiviteiten Gezocht profiel:\u00a0 In het bezit zijn [&hellip;]<\/p>\n","protected":false},"author":1,"featured_media":620,"parent":510,"menu_order":-1,"comment_status":"closed","ping_status":"closed","template":"","meta":[],"_links":{"self":[{"href":"https:\/\/www.sans-souci.be\/nl\/wp-json\/wp\/v2\/pages\/516"}],"collection":[{"href":"https:\/\/www.sans-souci.be\/nl\/wp-json\/wp\/v2\/pages"}],"about":[{"href":"https:\/\/www.sans-souci.be\/nl\/wp-json\/wp\/v2\/types\/page"}],"author":[{"embeddable":true,"href":"https:\/\/www.sans-souci.be\/nl\/wp-json\/wp\/v2\/users\/1"}],"replies":[{"embeddable":true,"href":"https:\/\/www.sans-souci.be\/nl\/wp-json\/wp\/v2\/comments?post=516"}],"version-history":[{"count":6,"href":"https:\/\/www.sans-souci.be\/nl\/wp-json\/wp\/v2\/pages\/516\/revisions"}],"predecessor-version":[{"id":1736,"href":"https:\/\/www.sans-souci.be\/nl\/wp-json\/wp\/v2\/pages\/516\/revisions\/1736"}],"up":[{"embeddable":true,"href":"https:\/\/www.sans-souci.be\/nl\/wp-json\/wp\/v2\/pages\/510"}],"wp:featuredmedia":[{"embeddable":true,"href":"https:\/\/www.sans-souci.be\/nl\/wp-json\/wp\/v2\/media\/620"}],"wp:attachment":[{"href":"https:\/\/www.sans-souci.be\/nl\/wp-json\/wp\/v2\/media?parent=516"}],"curies":[{"name":"wp","href":"https:\/\/api.w.org\/{rel}","templated":true}]}}